{"id":6190,"date":"2022-12-15T12:12:31","date_gmt":"2022-12-15T11:12:31","guid":{"rendered":"https:\/\/www.lagazel.com\/?page_id=6190"},"modified":"2022-12-15T12:31:57","modified_gmt":"2022-12-15T11:31:57","slug":"projets-solidaires-au-senegal","status":"publish","type":"page","link":"https:\/\/www.lagazel.com\/en\/projets-solidaires-3\/projets-solidaires-au-senegal\/","title":{"rendered":"Projets solidaires au S\u00e9n\u00e9gal"},"content":{"rendered":"<p><header class=\"fusion-fullwidth fullwidth-box fusion-builder-row-1 nonhundred-percent-fullwidth non-hundred-percent-height-scrolling\" style=\"background-color: rgba(66,75,94,0.08);background-position: center center;background-repeat: no-repeat;padding-top:0px;padding-right:0px;padding-bottom:0px;padding-left:0px;margin-bottom: 0px;margin-top: 0px;border-width: 0px 0px 0px 0px;border-color:#eae9e9;border-style:solid;\" ><div class=\"fusion-builder-row fusion-row\"><div class=\"fusion-layout-column fusion_builder_column fusion-builder-column-0 fusion_builder_column_1_1 1_1 fusion-one-full fusion-column-first fusion-column-last\" style=\"margin-top:0px;margin-bottom:20px;\"><div class=\"fusion-column-wrapper fusion-flex-column-wrapper-legacy\" style=\"background-position:left top;background-repeat:no-repeat;-webkit-background-size:cover;-moz-background-size:cover;-o-background-size:cover;background-size:cover;padding: 6% 8% 5% 8%;\"><style type=\"text\/css\"><\/style><div class=\"fusion-title title fusion-title-1 fusion-sep-none fusion-title-text fusion-title-size-one\" style=\"margin-top:0px;margin-right:0px;margin-bottom:31px;margin-left:0px;\"><h1 class=\"title-heading-left fusion-responsive-typography-calculated\" style=\"margin:0;color:rgba(77,86,98,0.65);--fontSize:36;line-height:1.06;\"><p style=\"text-align: center;\">Solidarity projects in Senegal<\/p><\/h1><\/div><div class=\"fusion-clearfix\"><\/div><\/div><\/div><\/div><\/header><div class=\"fusion-fullwidth fullwidth-box fusion-builder-row-2 fusion-flex-container nonhundred-percent-fullwidth non-hundred-percent-height-scrolling\" style=\"background-color: rgba(255,255,255,0);background-position: center center;background-repeat: no-repeat;border-width: 0px 0px 0px 0px;border-color:#eae9e9;border-style:solid;\" ><div class=\"fusion-builder-row fusion-row fusion-flex-align-items-flex-start\" style=\"max-width:1352px;margin-left: calc(-4% \/ 2 );margin-right: calc(-4% \/ 2 );\"><div class=\"fusion-layout-column fusion_builder_column fusion-builder-column-1 fusion_builder_column_1_1 1_1 fusion-flex-column\"><div class=\"fusion-column-wrapper fusion-flex-justify-content-flex-start fusion-content-layout-column\" style=\"background-position:left top;background-repeat:no-repeat;-webkit-background-size:cover;-moz-background-size:cover;-o-background-size:cover;background-size:cover;padding: 0px 0px 0px 0px;\"><style type=\"text\/css\">@media only screen and (max-width:1024px) {.fusion-title.fusion-title-2{margin-top:0px!important; margin-right:0px!important;margin-bottom:31px!important;margin-left:0px!important;}}@media only screen and (max-width:640px) {.fusion-title.fusion-title-2{margin-top:10px!important; margin-right:0px!important;margin-bottom:10px!important; margin-left:0px!important;}}<\/style><div class=\"fusion-title title fusion-title-2 fusion-sep-none fusion-title-text fusion-title-size-two\" style=\"margin-top:0px;margin-right:0px;margin-bottom:31px;margin-left:0px;\"><h2 class=\"title-heading-left fusion-responsive-typography-calculated\" style=\"font-family:&quot;Barlow Semi Condensed&quot;;font-weight:600;margin:0;color:#000000;--fontSize:30;--minFontSize:30px;line-height:1.2;\">Senegal&#8217;s education level improves thanks to rechargeable solar lamps in schools.<\/h2><\/div><div class=\"fusion-text fusion-text-1\"><p>To achieve the goal of universal access to energy by 2030 and significantly increase the share of renewable energy in the national energy mix, as Senegal has committed to do in the framework of the Energy Efficiency Plan, the country relies both on government programs and private initiatives. (https:\/\/www.un.org\/sustainabledevelopment\/fr\/energy\/).<\/p>\n<p>Thus, the National Agency for Renewable Energy (ANER) has conducted in 2021 a <a href=\"https:\/\/www.un.org\/sustainabledevelopment\/fr\/energy\/\">project to install recharging racks with 40 solar lamps at school level<\/a>. The project has improved the level of education in the school by allowing students to do their homework in the evening in good conditions, thus contributing to the <a href=\"https:\/\/www.un.org\/sustainabledevelopment\/fr\/education\/\" target=\"_blank\" rel=\"noopener\">United Nations Sustainable Development Goal n\u00b04 aiming at ensuring access to quality education for all<\/a>.<\/p>\n<p>Other similar projects promoting the <a href=\"https:\/\/www.lagazel.com\/en\/boutique\/station-de-recharge-collective\/\">Lagazel collective charging station<\/a> were born from collaborations between non-governmental structures and local authorities. This is the case of the <a href=\"https:\/\/www.lagazel.com\/en\/fatick-region-senegal-december-2018\/\">project in the school of Diagl\u00e9<\/a><a href=\"https:\/\/www.lagazel.com\/en\/fatick-region-senegal-december-2018\/\"> (Fatick region in Senegal)<\/a> implemented by the Regional Development Agency of Fatick and the NGO Initiative D\u00e9veloppement within the framework of a cooperation project with the New Aquitaine region, or the project led by the NGO Le Partenariat, which is deploying collective charging stations in schools in the Saint-Louis region in northern Senegal, thanks to funding from associations such as Schola Africa or companies such as La Compagnie fruiti\u00e8re as part of its Corporate Social Responsibility (CSR) program.<\/p>\n<p>In Senegalese schools, we can also mention the commitment of the NGO Energy Assistance to install collective charging stations in a school in the Kaolack region thanks to funding from the ENGIE group and its Foundation, which has helped increase the success rate in end-of-cycle exams, or Electriciens sans fronti\u00e8res, which has enabled 50 schoolchildren in Lompoul-sur-mer to benefit from solar lighting.<\/p>\n<p>Generally, awareness sessions are organized in the schools to ensure the proper use of the equipment by the beneficiaries, as well as a good understanding of the challenges of solar energy, and follow-up visits several months after the installation ensure the sustainability of the project. This was the case for the project led by the association Bagoudibou in two schools in the region of Thies.<\/p>\n<\/div><\/div><style type=\"text\/css\">.fusion-body .fusion-builder-column-1{width:100% !important;margin-top : 0px;margin-bottom : 20px;}.fusion-builder-column-1 > .fusion-column-wrapper {padding-top : 0px !important;padding-right : 0px !important;margin-right : 1.92%;padding-bottom : 0px !important;padding-left : 0px !important;margin-left : 1.92%;}@media only screen and (max-width:1024px) {.fusion-body .fusion-builder-column-1{width:100% !important;order : 0;}.fusion-builder-column-1 > .fusion-column-wrapper {margin-right : 1.92%;margin-left : 1.92%;}}@media only screen and (max-width:640px) {.fusion-body .fusion-builder-column-1{width:100% !important;order : 0;}.fusion-builder-column-1 > .fusion-column-wrapper {margin-right : 1.92%;margin-left : 1.92%;}}<\/style><\/div><\/div><style type=\"text\/css\">.fusion-body .fusion-flex-container.fusion-builder-row-2{ padding-top : 0px;margin-top : 5%;padding-right : 8%;padding-bottom : 0px;margin-bottom : 0px;padding-left : 8%;}<\/style><\/div><div class=\"fusion-fullwidth fullwidth-box fusion-builder-row-3 nonhundred-percent-fullwidth non-hundred-percent-height-scrolling\" style=\"background-color: rgba(255,255,255,0);background-position: center center;background-repeat: no-repeat;padding-top:0px;padding-right:8%;padding-bottom:0px;padding-left:8%;margin-bottom: 5%;margin-top: 5%;border-width: 0px 0px 0px 0px;border-color:#eae9e9;border-style:solid;\" ><div class=\"fusion-builder-row fusion-row\"><div class=\"fusion-layout-column fusion_builder_column fusion-builder-column-2 fusion_builder_column_1_1 1_1 fusion-one-full fusion-column-first fusion-column-last\" style=\"margin-top:0px;margin-bottom:20px;\"><div class=\"fusion-column-wrapper fusion-flex-column-wrapper-legacy\" style=\"background-position:left top;background-repeat:no-repeat;-webkit-background-size:cover;-moz-background-size:cover;-o-background-size:cover;background-size:cover;padding: 0px 0px 0px 0px;\"><style type=\"text\/css\"><\/style><div class=\"fusion-title title fusion-title-3 fusion-sep-none fusion-title-text fusion-title-size-two\" style=\"margin-top:0px;margin-right:0px;margin-bottom:31px;margin-left:0px;\"><h2 class=\"title-heading-left fusion-responsive-typography-calculated\" style=\"margin:0;color:#000000;--fontSize:30;--minFontSize:30px;line-height:1.1;\"><div id=\"tw-target-text-container\" class=\"tw-ta-container F0azHf tw-nfl\" tabindex=\"0\">\n<p id=\"tw-target-text\" class=\"tw-data-text tw-text-large tw-ta\" dir=\"ltr\" data-placeholder=\"Traduction\"><span class=\"Y2IQFc\" lang=\"en\">Discover more solidarity projects in Senegal:<\/span><\/p>\n<\/div>\n<div class=\"iYB33c\">\n<div id=\"tw-tmenu\" class=\"tw-menu\"><\/div>\n<\/div><\/h2><\/div><div class=\"fusion-sep-clear\"><\/div><div class=\"fusion-separator fusion-full-width-sep\" style=\"margin-left: auto;margin-right: auto;margin-top:50px;width:100%;\"><\/div><div class=\"fusion-sep-clear\"><\/div><div class=\"fusion-blog-shortcode fusion-blog-shortcode-1 fusion-blog-archive fusion-blog-layout-medium fusion-blog-infinite\"><div class=\"fusion-posts-container fusion-posts-container-infinite\" data-pages=\"1\"><article id=\"blog-1-post-6275\" class=\"fusion-post-medium post-6275 post type-post status-publish format-standard has-post-thumbnail hentry category-groupe-2-en category-our-solidarity-projects tag-senegal-en\">\n\t<style type=\"text\/css\">\n\t\t\n\t\t\n\t\t\n\t\t\n\t\t\t<\/style>\n\n\n\t\t\t<div class=\"fusion-flexslider flexslider fusion-flexslider-loading fusion-post-slideshow\" style=\"\">\n\t\t<ul class=\"slides\">\n\t\t\t\n\t\t\t\t\t\t\t\t\t\t\t\t\t\t<li><div  class=\"fusion-image-wrapper fusion-image-size-fixed\" aria-haspopup=\"true\">\n\t\t\t\t  \t\t\t<a href=\"https:\/\/www.lagazel.com\/en\/school-of-youtou-casamance-senegal-april-2022\/\" aria-label=\"School of Youtou, Casamance, Senegal &#8211; April 2022\">\n\t\t\t\t\t\t\t<img decoding=\"async\" width=\"320\" height=\"202\" data-src=\"https:\/\/www.lagazel.com\/wp-content\/uploads\/2023\/02\/thumbnail_IMG-20220425-WA0008-2-320x202.jpg\" class=\"attachment-blog-medium size-blog-medium wp-post-image lazyload\" alt=\"\" data-srcset=\"https:\/\/www.lagazel.com\/wp-content\/uploads\/2023\/02\/thumbnail_IMG-20220425-WA0008-2-320x202.jpg 320w, https:\/\/www.lagazel.com\/wp-content\/uploads\/2023\/02\/thumbnail_IMG-20220425-WA0008-2-700x441.jpg 700w\" data-sizes=\"(max-width: 320px) 100vw, 320px\" src=\"data:image\/gif;base64,R0lGODlhAQABAAAAACH5BAEKAAEALAAAAAABAAEAAAICTAEAOw==\" style=\"--smush-placeholder-width: 320px; --smush-placeholder-aspect-ratio: 320\/202;\" \/>\t\t\t<\/a>\n\t\t\t\t\t\t\t\t<\/div>\n<\/li>\n\t\t\t\n\t\t\t\n\t\t\t\t\t\t\t\t\t\t\t\n\t\t\t\t\t\n\t\t\t\t\t\t\t\t\t\t\t<li>\n\t\t\t\t\t\t\t<div class=\"fusion-image-wrapper\">\n\t\t\t\t\t\t\t\t<a href=\"https:\/\/www.lagazel.com\/en\/school-of-youtou-casamance-senegal-april-2022\/\" aria-label=\"School of Youtou, Casamance, Senegal &#8211; April 2022\">\n\t\t\t\t\t\t\t\t\t<img decoding=\"async\" width=\"320\" height=\"202\" data-src=\"https:\/\/www.lagazel.com\/wp-content\/uploads\/2023\/02\/Yutu-batiment-installation-lampes-320x202.jpg\" alt=\"\" class=\"wp-image-6273 lazyload\" role=\"presentation\" data-srcset=\"https:\/\/www.lagazel.com\/wp-content\/uploads\/2023\/02\/Yutu-batiment-installation-lampes-320x202.jpg 320w, https:\/\/www.lagazel.com\/wp-content\/uploads\/2023\/02\/Yutu-batiment-installation-lampes-700x441.jpg 700w\" data-sizes=\"(max-width: 320px) 100vw, 320px\" src=\"data:image\/gif;base64,R0lGODlhAQABAAAAACH5BAEKAAEALAAAAAABAAEAAAICTAEAOw==\" style=\"--smush-placeholder-width: 320px; --smush-placeholder-aspect-ratio: 320\/202;\" \/>\t\t\t\t\t\t\t\t<\/a>\n\t\t\t\t\t\t\t\t<a style=\"display:none;\" href=\"https:\/\/www.lagazel.com\/wp-content\/uploads\/2023\/02\/Yutu-batiment-installation-lampes-scaled.jpg\" data-rel=\"iLightbox[gallery6275]\"  title=\"\" data-title=\"Yutu batiment installation lampes\" data-caption=\"\">\n\t\t\t\t\t\t\t\t\t\t\t\t\t\t\t\t\t<\/a>\n\t\t\t\t\t\t\t<\/div>\n\t\t\t\t\t\t<\/li>\n\t\t\t\t\t\t\t\t\t\t\t\t\t\t\t\t\t\t\t\t\t\t\t\t\n\t\t\t\t\t\n\t\t\t\t\t\t\t\t\t\t\t<li>\n\t\t\t\t\t\t\t<div class=\"fusion-image-wrapper\">\n\t\t\t\t\t\t\t\t<a href=\"https:\/\/www.lagazel.com\/en\/school-of-youtou-casamance-senegal-april-2022\/\" aria-label=\"School of Youtou, Casamance, Senegal &#8211; April 2022\">\n\t\t\t\t\t\t\t\t\t<img decoding=\"async\" width=\"293\" height=\"202\" data-src=\"https:\/\/www.lagazel.com\/wp-content\/uploads\/2023\/02\/IMG-20220426-WA0001-293x202.jpg\" alt=\"\" class=\"wp-image-6269 lazyload\" role=\"presentation\" src=\"data:image\/gif;base64,R0lGODlhAQABAAAAACH5BAEKAAEALAAAAAABAAEAAAICTAEAOw==\" style=\"--smush-placeholder-width: 293px; --smush-placeholder-aspect-ratio: 293\/202;\" \/>\t\t\t\t\t\t\t\t<\/a>\n\t\t\t\t\t\t\t\t<a style=\"display:none;\" href=\"https:\/\/www.lagazel.com\/wp-content\/uploads\/2023\/02\/IMG-20220426-WA0001.jpg\" data-rel=\"iLightbox[gallery6275]\"  title=\"\" data-title=\"IMG-20220426-WA0001\" data-caption=\"\">\n\t\t\t\t\t\t\t\t\t\t\t\t\t\t\t\t\t<\/a>\n\t\t\t\t\t\t\t<\/div>\n\t\t\t\t\t\t<\/li>\n\t\t\t\t\t\t\t\t\t\t\t\t\t\t\t\t\t\t\t\t\t\t\t\t\t\t\t\t\t\t\t\t\t\t\t\t\t\t\t\t\t\t\t\t\t\t\t\t\t\t\t<\/ul>\n\t<\/div>\n\t<div class=\"fusion-post-content post-content\"><h2 class=\"blog-shortcode-post-title entry-title\"><a href=\"https:\/\/www.lagazel.com\/en\/school-of-youtou-casamance-senegal-april-2022\/\">School of Youtou, Casamance, Senegal &#8211; April 2022<\/a><\/h2><div class=\"fusion-post-content-container\"><p>In Basse-Casamance, an elementary school has been equipped with a Lagazel collective charging station, as well as 50 LK3000 solar lamps, by an association that works in the village of youtou for many years: the association Passerelle pour Youtou. As in many projects, the lamps were reserved in priority for the pupils of CM2, who are in exam class. Here, [...]<\/p><\/div><\/div><div class=\"fusion-clearfix\"><\/div><div class=\"fusion-meta-info\"><div class=\"fusion-alignleft\"><span class=\"vcard\" style=\"display: none;\"><span class=\"fn\"><a href=\"https:\/\/www.lagazel.com\/en\/author\/alteor\/\" title=\"Posts by St\u00e9phany Bonnard\" rel=\"author\">St\u00e9phany Bonnard<\/a><\/span><\/span><span class=\"updated\" style=\"display:none;\">2023-02-13T15:02:14+01:00<\/span><span>8 February - 2023<\/span><span class=\"fusion-inline-sep\">|<\/span><\/div><div class=\"fusion-alignright\"><a class=\"fusion-read-more\" href=\"https:\/\/www.lagazel.com\/en\/school-of-youtou-casamance-senegal-april-2022\/\" aria-label=\"More on School of Youtou, Casamance, Senegal &#8211; April 2022\">Read More<\/a><\/div><\/div><\/article>\n<article id=\"blog-1-post-6044\" class=\"fusion-post-medium post-6044 post type-post status-publish format-standard has-post-thumbnail hentry category-groupe-2-en tag-senegal-en\">\n\t<style type=\"text\/css\">\n\t\t\n\t\t\n\t\t\n\t\t\n\t\t\t<\/style>\n\n\n\t\t\t<div class=\"fusion-flexslider flexslider fusion-flexslider-loading fusion-post-slideshow\" style=\"\">\n\t\t<ul class=\"slides\">\n\t\t\t\n\t\t\t\t\t\t\t\t\t\t\t\t\t\t<li><div  class=\"fusion-image-wrapper fusion-image-size-fixed\" aria-haspopup=\"true\">\n\t\t\t\t  \t\t\t<a href=\"https:\/\/www.lagazel.com\/en\/fatick-region-senegal-december-2018\/\" aria-label=\"Fatick Region, Senegal &#8211; December 2018\">\n\t\t\t\t\t\t\t<img decoding=\"async\" width=\"320\" height=\"202\" data-src=\"https:\/\/www.lagazel.com\/wp-content\/uploads\/2020\/10\/IMG-20181220-WA0002-320x202.jpg\" class=\"attachment-blog-medium size-blog-medium wp-post-image lazyload\" alt=\"\" data-srcset=\"https:\/\/www.lagazel.com\/wp-content\/uploads\/2020\/10\/IMG-20181220-WA0002-320x202.jpg 320w, https:\/\/www.lagazel.com\/wp-content\/uploads\/2020\/10\/IMG-20181220-WA0002-700x441.jpg 700w\" data-sizes=\"(max-width: 320px) 100vw, 320px\" src=\"data:image\/gif;base64,R0lGODlhAQABAAAAACH5BAEKAAEALAAAAAABAAEAAAICTAEAOw==\" style=\"--smush-placeholder-width: 320px; --smush-placeholder-aspect-ratio: 320\/202;\" \/>\t\t\t<\/a>\n\t\t\t\t\t\t\t\t<\/div>\n<\/li>\n\t\t\t\n\t\t\t\n\t\t\t\t\t\t\t\t\t\t\t\n\t\t\t\t\t\n\t\t\t\t\t\t\t\t\t\t\t<li>\n\t\t\t\t\t\t\t<div class=\"fusion-image-wrapper\">\n\t\t\t\t\t\t\t\t<a href=\"https:\/\/www.lagazel.com\/en\/fatick-region-senegal-december-2018\/\" aria-label=\"Fatick Region, Senegal &#8211; December 2018\">\n\t\t\t\t\t\t\t\t\t<img decoding=\"async\" width=\"320\" height=\"202\" data-src=\"https:\/\/www.lagazel.com\/wp-content\/uploads\/2020\/10\/IMG-20181220-WA0003-320x202.jpg\" alt=\"\" class=\"wp-image-3120 lazyload\" role=\"presentation\" data-srcset=\"https:\/\/www.lagazel.com\/wp-content\/uploads\/2020\/10\/IMG-20181220-WA0003-320x202.jpg 320w, https:\/\/www.lagazel.com\/wp-content\/uploads\/2020\/10\/IMG-20181220-WA0003-700x441.jpg 700w\" data-sizes=\"(max-width: 320px) 100vw, 320px\" src=\"data:image\/gif;base64,R0lGODlhAQABAAAAACH5BAEKAAEALAAAAAABAAEAAAICTAEAOw==\" style=\"--smush-placeholder-width: 320px; --smush-placeholder-aspect-ratio: 320\/202;\" \/>\t\t\t\t\t\t\t\t<\/a>\n\t\t\t\t\t\t\t\t<a style=\"display:none;\" href=\"https:\/\/www.lagazel.com\/wp-content\/uploads\/2020\/10\/IMG-20181220-WA0003.jpg\" data-rel=\"iLightbox[gallery6044]\"  title=\"\" data-title=\"IMG-20181220-WA0003\" data-caption=\"\">\n\t\t\t\t\t\t\t\t\t\t\t\t\t\t\t\t\t<\/a>\n\t\t\t\t\t\t\t<\/div>\n\t\t\t\t\t\t<\/li>\n\t\t\t\t\t\t\t\t\t\t\t\t\t\t\t\t\t\t\t\t\t\t\t\t\n\t\t\t\t\t\n\t\t\t\t\t\t\t\t\t\t\t<li>\n\t\t\t\t\t\t\t<div class=\"fusion-image-wrapper\">\n\t\t\t\t\t\t\t\t<a href=\"https:\/\/www.lagazel.com\/en\/fatick-region-senegal-december-2018\/\" aria-label=\"Fatick Region, Senegal &#8211; December 2018\">\n\t\t\t\t\t\t\t\t\t<img decoding=\"async\" width=\"320\" height=\"202\" data-src=\"https:\/\/www.lagazel.com\/wp-content\/uploads\/2020\/10\/IMG-20181220-WA0000-320x202.jpg\" alt=\"\" class=\"wp-image-3116 lazyload\" role=\"presentation\" data-srcset=\"https:\/\/www.lagazel.com\/wp-content\/uploads\/2020\/10\/IMG-20181220-WA0000-320x202.jpg 320w, https:\/\/www.lagazel.com\/wp-content\/uploads\/2020\/10\/IMG-20181220-WA0000-700x441.jpg 700w\" data-sizes=\"(max-width: 320px) 100vw, 320px\" src=\"data:image\/gif;base64,R0lGODlhAQABAAAAACH5BAEKAAEALAAAAAABAAEAAAICTAEAOw==\" style=\"--smush-placeholder-width: 320px; --smush-placeholder-aspect-ratio: 320\/202;\" \/>\t\t\t\t\t\t\t\t<\/a>\n\t\t\t\t\t\t\t\t<a style=\"display:none;\" href=\"https:\/\/www.lagazel.com\/wp-content\/uploads\/2020\/10\/IMG-20181220-WA0000.jpg\" data-rel=\"iLightbox[gallery6044]\"  title=\"\" data-title=\"IMG-20181220-WA0000\" data-caption=\"\">\n\t\t\t\t\t\t\t\t\t\t\t\t\t\t\t\t\t<\/a>\n\t\t\t\t\t\t\t<\/div>\n\t\t\t\t\t\t<\/li>\n\t\t\t\t\t\t\t\t\t\t\t\t\t\t\t\t\t\t\t\t\t\t\t\t\t\t\t\t\t\t\t\t\t\t\t\t\t\t\t\t\t\t\t\t\t\t\t\t\t\t\t<\/ul>\n\t<\/div>\n\t<div class=\"fusion-post-content post-content\"><h2 class=\"blog-shortcode-post-title entry-title\"><a href=\"https:\/\/www.lagazel.com\/en\/fatick-region-senegal-december-2018\/\">Fatick Region, Senegal &#8211; December 2018<\/a><\/h2><div class=\"fusion-post-content-container\"><p>In 2018, a solar charging station was installed in a school of the Fatick region, Senegal. Approximately forty solar lamps were distributed to teachers and pupils. Families started paying a small contribution each month. After two years, they will become the owners of their lamp, while their child leaves primary school. Thanks to this project, executed by the Fatick Regional [...]<\/p><\/div><\/div><div class=\"fusion-clearfix\"><\/div><div class=\"fusion-meta-info\"><div class=\"fusion-alignleft\"><span class=\"vcard\" style=\"display: none;\"><span class=\"fn\"><a href=\"https:\/\/www.lagazel.com\/en\/author\/alteor\/\" title=\"Posts by St\u00e9phany Bonnard\" rel=\"author\">St\u00e9phany Bonnard<\/a><\/span><\/span><span class=\"updated\" style=\"display:none;\">2022-10-27T23:14:44+02:00<\/span><span>27 October - 2022<\/span><span class=\"fusion-inline-sep\">|<\/span><\/div><div class=\"fusion-alignright\"><a class=\"fusion-read-more\" href=\"https:\/\/www.lagazel.com\/en\/fatick-region-senegal-december-2018\/\" aria-label=\"More on Fatick Region, Senegal &#8211; December 2018\">Read More<\/a><\/div><\/div><\/article>\n<article id=\"blog-1-post-5961\" class=\"fusion-post-medium post-5961 post type-post status-publish format-standard has-post-thumbnail hentry category-groupe-2-en tag-senegal-en\">\n\t<style type=\"text\/css\">\n\t\t\n\t\t\n\t\t\n\t\t\n\t\t\t<\/style>\n\n\n\t\t\t<div class=\"fusion-flexslider flexslider fusion-flexslider-loading fusion-post-slideshow\" style=\"\">\n\t\t<ul class=\"slides\">\n\t\t\t\n\t\t\t\t\t\t\t\t\t\t\t\t\t\t<li><div  class=\"fusion-image-wrapper fusion-image-size-fixed\" aria-haspopup=\"true\">\n\t\t\t\t  \t\t\t<a href=\"https:\/\/www.lagazel.com\/en\/region-of-thies-senegal-november-2020\/\" aria-label=\"Region of Thies, Senegal &#8211; November 2020\">\n\t\t\t\t\t\t\t<img decoding=\"async\" width=\"320\" height=\"202\" data-src=\"https:\/\/www.lagazel.com\/wp-content\/uploads\/2020\/12\/IMG-20201119-WA0007-320x202.jpg\" class=\"attachment-blog-medium size-blog-medium wp-post-image lazyload\" alt=\"\" data-srcset=\"https:\/\/www.lagazel.com\/wp-content\/uploads\/2020\/12\/IMG-20201119-WA0007-320x202.jpg 320w, https:\/\/www.lagazel.com\/wp-content\/uploads\/2020\/12\/IMG-20201119-WA0007-700x441.jpg 700w\" data-sizes=\"(max-width: 320px) 100vw, 320px\" src=\"data:image\/gif;base64,R0lGODlhAQABAAAAACH5BAEKAAEALAAAAAABAAEAAAICTAEAOw==\" style=\"--smush-placeholder-width: 320px; --smush-placeholder-aspect-ratio: 320\/202;\" \/>\t\t\t<\/a>\n\t\t\t\t\t\t\t\t<\/div>\n<\/li>\n\t\t\t\n\t\t\t\n\t\t\t\t\t\t\t\t\t\t\t\n\t\t\t\t\t\n\t\t\t\t\t\t\t\t\t\t\t<li>\n\t\t\t\t\t\t\t<div class=\"fusion-image-wrapper\">\n\t\t\t\t\t\t\t\t<a href=\"https:\/\/www.lagazel.com\/en\/region-of-thies-senegal-november-2020\/\" aria-label=\"Region of Thies, Senegal &#8211; November 2020\">\n\t\t\t\t\t\t\t\t\t<img decoding=\"async\" width=\"320\" height=\"202\" data-src=\"https:\/\/www.lagazel.com\/wp-content\/uploads\/2020\/12\/IMG-20201119-WA0000-320x202.jpg\" alt=\"\" class=\"wp-image-3300 lazyload\" role=\"presentation\" data-srcset=\"https:\/\/www.lagazel.com\/wp-content\/uploads\/2020\/12\/IMG-20201119-WA0000-320x202.jpg 320w, https:\/\/www.lagazel.com\/wp-content\/uploads\/2020\/12\/IMG-20201119-WA0000-700x441.jpg 700w\" data-sizes=\"(max-width: 320px) 100vw, 320px\" src=\"data:image\/gif;base64,R0lGODlhAQABAAAAACH5BAEKAAEALAAAAAABAAEAAAICTAEAOw==\" style=\"--smush-placeholder-width: 320px; --smush-placeholder-aspect-ratio: 320\/202;\" \/>\t\t\t\t\t\t\t\t<\/a>\n\t\t\t\t\t\t\t\t<a style=\"display:none;\" href=\"https:\/\/www.lagazel.com\/wp-content\/uploads\/2020\/12\/IMG-20201119-WA0000.jpg\" data-rel=\"iLightbox[gallery5961]\"  title=\"\" data-title=\"IMG-20201119-WA0000\" data-caption=\"\">\n\t\t\t\t\t\t\t\t\t\t\t\t\t\t\t\t\t<\/a>\n\t\t\t\t\t\t\t<\/div>\n\t\t\t\t\t\t<\/li>\n\t\t\t\t\t\t\t\t\t\t\t\t\t\t\t\t\t\t\t\t\t\t\t\t\t\t\t\t\t\t\t\t\t\t\t\t\t\t\t\t\t\t\t\t\t\t\t\t\t\t\t\t\t\t\t\t\t\t\t\t\t\t\t\t\t\t<\/ul>\n\t<\/div>\n\t<div class=\"fusion-post-content post-content\"><h2 class=\"blog-shortcode-post-title entry-title\"><a href=\"https:\/\/www.lagazel.com\/en\/region-of-thies-senegal-november-2020\/\">Region of Thies, Senegal &#8211; November 2020<\/a><\/h2><div class=\"fusion-post-content-container\"><p>The French association Bagoudibou funded an operation with solar lamps and collective charging stations for two schools in the region of Thi\u00e8s, S\u00e9n\u00e9gal. In collaboration with the local NGOs APAF and ADEPE, the project was built including an awareness session per school to insure a proper use of the products by beneficiaries, and a good comprehension of the challenges of [...]<\/p><\/div><\/div><div class=\"fusion-clearfix\"><\/div><div class=\"fusion-meta-info\"><div class=\"fusion-alignleft\"><span class=\"vcard\" style=\"display: none;\"><span class=\"fn\"><a href=\"https:\/\/www.lagazel.com\/en\/author\/alteor\/\" title=\"Posts by St\u00e9phany Bonnard\" rel=\"author\">St\u00e9phany Bonnard<\/a><\/span><\/span><span class=\"updated\" style=\"display:none;\">2022-10-26T12:46:43+02:00<\/span><span>26 October - 2022<\/span><span class=\"fusion-inline-sep\">|<\/span><\/div><div class=\"fusion-alignright\"><a class=\"fusion-read-more\" href=\"https:\/\/www.lagazel.com\/en\/region-of-thies-senegal-november-2020\/\" aria-label=\"More on Region of Thies, Senegal &#8211; November 2020\">Read More<\/a><\/div><\/div><\/article>\n<\/div><\/div><div class=\"fusion-clearfix\"><\/div><\/div><\/div><\/div><\/div><\/p>\n","protected":false},"excerpt":{"rendered":"<p>yes<\/p>\n","protected":false},"author":2,"featured_media":0,"parent":6229,"menu_order":0,"comment_status":"closed","ping_status":"closed","template":"100-width.php","meta":{"om_disable_all_campaigns":false,"_monsterinsights_skip_tracking":false,"_monsterinsights_sitenote_active":false,"_monsterinsights_sitenote_note":"","_monsterinsights_sitenote_category":0,"footnotes":""},"class_list":["post-6190","page","type-page","status-publish","hentry"],"aioseo_notices":[],"yoast_head":"<!-- This site is optimized with the Yoast SEO plugin v24.9 - https:\/\/yoast.com\/wordpress\/plugins\/seo\/ -->\n<title>Projets solidaires au S\u00e9n\u00e9gal - Lagazel<\/title>\n<meta name=\"robots\" content=\"index, follow, max-snippet:-1, max-image-preview:large, max-video-preview:-1\" \/>\n<link rel=\"canonical\" href=\"https:\/\/www.lagazel.com\/en\/projets-solidaires-3\/projets-solidaires-au-senegal\/\" \/>\n<meta property=\"og:locale\" content=\"en_US\" \/>\n<meta property=\"og:type\" content=\"article\" \/>\n<meta property=\"og:title\" content=\"Projets solidaires au S\u00e9n\u00e9gal - Lagazel\" \/>\n<meta property=\"og:description\" content=\"yes\" \/>\n<meta property=\"og:url\" content=\"https:\/\/www.lagazel.com\/en\/projets-solidaires-3\/projets-solidaires-au-senegal\/\" \/>\n<meta property=\"og:site_name\" content=\"Lagazel\" \/>\n<meta property=\"article:modified_time\" content=\"2022-12-15T11:31:57+00:00\" \/>\n<meta name=\"twitter:card\" content=\"summary_large_image\" \/>\n<meta name=\"twitter:label1\" content=\"Est. reading time\" \/>\n\t<meta name=\"twitter:data1\" content=\"7 minutes\" \/>\n<script type=\"application\/ld+json\" class=\"yoast-schema-graph\">{\"@context\":\"https:\/\/schema.org\",\"@graph\":[{\"@type\":\"WebPage\",\"@id\":\"https:\/\/www.lagazel.com\/en\/projets-solidaires-3\/projets-solidaires-au-senegal\/\",\"url\":\"https:\/\/www.lagazel.com\/en\/projets-solidaires-3\/projets-solidaires-au-senegal\/\",\"name\":\"Projets solidaires au S\u00e9n\u00e9gal - Lagazel\",\"isPartOf\":{\"@id\":\"https:\/\/www.lagazel.com\/en\/#website\"},\"datePublished\":\"2022-12-15T11:12:31+00:00\",\"dateModified\":\"2022-12-15T11:31:57+00:00\",\"breadcrumb\":{\"@id\":\"https:\/\/www.lagazel.com\/en\/projets-solidaires-3\/projets-solidaires-au-senegal\/#breadcrumb\"},\"inLanguage\":\"en-US\",\"potentialAction\":[{\"@type\":\"ReadAction\",\"target\":[\"https:\/\/www.lagazel.com\/en\/projets-solidaires-3\/projets-solidaires-au-senegal\/\"]}]},{\"@type\":\"BreadcrumbList\",\"@id\":\"https:\/\/www.lagazel.com\/en\/projets-solidaires-3\/projets-solidaires-au-senegal\/#breadcrumb\",\"itemListElement\":[{\"@type\":\"ListItem\",\"position\":1,\"name\":\"Home\",\"item\":\"https:\/\/www.lagazel.com\/en\/\"},{\"@type\":\"ListItem\",\"position\":2,\"name\":\"Projets solidaires au S\u00e9n\u00e9gal\"}]},{\"@type\":\"WebSite\",\"@id\":\"https:\/\/www.lagazel.com\/en\/#website\",\"url\":\"https:\/\/www.lagazel.com\/en\/\",\"name\":\"Lagazel\",\"description\":\"Fabricant de lampe solaire pour l&#039;Afrique\",\"publisher\":{\"@id\":\"https:\/\/www.lagazel.com\/en\/#organization\"},\"potentialAction\":[{\"@type\":\"SearchAction\",\"target\":{\"@type\":\"EntryPoint\",\"urlTemplate\":\"https:\/\/www.lagazel.com\/en\/?s={search_term_string}\"},\"query-input\":{\"@type\":\"PropertyValueSpecification\",\"valueRequired\":true,\"valueName\":\"search_term_string\"}}],\"inLanguage\":\"en-US\"},{\"@type\":\"Organization\",\"@id\":\"https:\/\/www.lagazel.com\/en\/#organization\",\"name\":\"Lagazel\",\"url\":\"https:\/\/www.lagazel.com\/en\/\",\"logo\":{\"@type\":\"ImageObject\",\"inLanguage\":\"en-US\",\"@id\":\"https:\/\/www.lagazel.com\/en\/#\/schema\/logo\/image\/\",\"url\":\"https:\/\/www.lagazel.com\/wp-content\/uploads\/2018\/05\/lagazel-lampe-solaire-logo-grand.png\",\"contentUrl\":\"https:\/\/www.lagazel.com\/wp-content\/uploads\/2018\/05\/lagazel-lampe-solaire-logo-grand.png\",\"width\":170,\"height\":153,\"caption\":\"Lagazel\"},\"image\":{\"@id\":\"https:\/\/www.lagazel.com\/en\/#\/schema\/logo\/image\/\"}}]}<\/script>\n<!-- \/ Yoast SEO plugin. -->","yoast_head_json":{"title":"Projets solidaires au S\u00e9n\u00e9gal - Lagazel","robots":{"index":"index","follow":"follow","max-snippet":"max-snippet:-1","max-image-preview":"max-image-preview:large","max-video-preview":"max-video-preview:-1"},"canonical":"https:\/\/www.lagazel.com\/en\/projets-solidaires-3\/projets-solidaires-au-senegal\/","og_locale":"en_US","og_type":"article","og_title":"Projets solidaires au S\u00e9n\u00e9gal - Lagazel","og_description":"yes","og_url":"https:\/\/www.lagazel.com\/en\/projets-solidaires-3\/projets-solidaires-au-senegal\/","og_site_name":"Lagazel","article_modified_time":"2022-12-15T11:31:57+00:00","twitter_card":"summary_large_image","twitter_misc":{"Est. reading time":"7 minutes"},"schema":{"@context":"https:\/\/schema.org","@graph":[{"@type":"WebPage","@id":"https:\/\/www.lagazel.com\/en\/projets-solidaires-3\/projets-solidaires-au-senegal\/","url":"https:\/\/www.lagazel.com\/en\/projets-solidaires-3\/projets-solidaires-au-senegal\/","name":"Projets solidaires au S\u00e9n\u00e9gal - Lagazel","isPartOf":{"@id":"https:\/\/www.lagazel.com\/en\/#website"},"datePublished":"2022-12-15T11:12:31+00:00","dateModified":"2022-12-15T11:31:57+00:00","breadcrumb":{"@id":"https:\/\/www.lagazel.com\/en\/projets-solidaires-3\/projets-solidaires-au-senegal\/#breadcrumb"},"inLanguage":"en-US","potentialAction":[{"@type":"ReadAction","target":["https:\/\/www.lagazel.com\/en\/projets-solidaires-3\/projets-solidaires-au-senegal\/"]}]},{"@type":"BreadcrumbList","@id":"https:\/\/www.lagazel.com\/en\/projets-solidaires-3\/projets-solidaires-au-senegal\/#breadcrumb","itemListElement":[{"@type":"ListItem","position":1,"name":"Home","item":"https:\/\/www.lagazel.com\/en\/"},{"@type":"ListItem","position":2,"name":"Projets solidaires au S\u00e9n\u00e9gal"}]},{"@type":"WebSite","@id":"https:\/\/www.lagazel.com\/en\/#website","url":"https:\/\/www.lagazel.com\/en\/","name":"Lagazel","description":"Fabricant de lampe solaire pour l&#039;Afrique","publisher":{"@id":"https:\/\/www.lagazel.com\/en\/#organization"},"potentialAction":[{"@type":"SearchAction","target":{"@type":"EntryPoint","urlTemplate":"https:\/\/www.lagazel.com\/en\/?s={search_term_string}"},"query-input":{"@type":"PropertyValueSpecification","valueRequired":true,"valueName":"search_term_string"}}],"inLanguage":"en-US"},{"@type":"Organization","@id":"https:\/\/www.lagazel.com\/en\/#organization","name":"Lagazel","url":"https:\/\/www.lagazel.com\/en\/","logo":{"@type":"ImageObject","inLanguage":"en-US","@id":"https:\/\/www.lagazel.com\/en\/#\/schema\/logo\/image\/","url":"https:\/\/www.lagazel.com\/wp-content\/uploads\/2018\/05\/lagazel-lampe-solaire-logo-grand.png","contentUrl":"https:\/\/www.lagazel.com\/wp-content\/uploads\/2018\/05\/lagazel-lampe-solaire-logo-grand.png","width":170,"height":153,"caption":"Lagazel"},"image":{"@id":"https:\/\/www.lagazel.com\/en\/#\/schema\/logo\/image\/"}}]}},"_links":{"self":[{"href":"https:\/\/www.lagazel.com\/en\/wp-json\/wp\/v2\/pages\/6190","targetHints":{"allow":["GET"]}}],"collection":[{"href":"https:\/\/www.lagazel.com\/en\/wp-json\/wp\/v2\/pages"}],"about":[{"href":"https:\/\/www.lagazel.com\/en\/wp-json\/wp\/v2\/types\/page"}],"author":[{"embeddable":true,"href":"https:\/\/www.lagazel.com\/en\/wp-json\/wp\/v2\/users\/2"}],"replies":[{"embeddable":true,"href":"https:\/\/www.lagazel.com\/en\/wp-json\/wp\/v2\/comments?post=6190"}],"version-history":[{"count":5,"href":"https:\/\/www.lagazel.com\/en\/wp-json\/wp\/v2\/pages\/6190\/revisions"}],"predecessor-version":[{"id":6204,"href":"https:\/\/www.lagazel.com\/en\/wp-json\/wp\/v2\/pages\/6190\/revisions\/6204"}],"up":[{"embeddable":true,"href":"https:\/\/www.lagazel.com\/en\/wp-json\/wp\/v2\/pages\/6229"}],"wp:attachment":[{"href":"https:\/\/www.lagazel.com\/en\/wp-json\/wp\/v2\/media?parent=6190"}],"curies":[{"name":"wp","href":"https:\/\/api.w.org\/{rel}","templated":true}]}}